{"id":10156,"date":"2026-03-13T14:08:33","date_gmt":"2026-03-13T12:08:33","guid":{"rendered":"https:\/\/www3.blomqvistplantskola.com\/?post_type=product&#038;p=10156"},"modified":"2026-04-19T23:20:18","modified_gmt":"2026-04-19T21:20:18","slug":"storfruktig-hassel-p9corylus-avellana-katalonski","status":"publish","type":"product","link":"https:\/\/www3.blomqvistplantskola.com\/fi\/product\/storfruktig-hassel-p9corylus-avellana-katalonski\/","title":{"rendered":"<b>Euroopanp\u00e4hkin\u00e4pensas P9<\/b><br>Corylus avellana `Katalonski\u00b4"},"content":{"rendered":"<p>Kevyttaimi 9 cm:n ruukussa, piiskataimi 30+cm.<\/p>","protected":false},"excerpt":{"rendered":"<p>Olisihan se mahtavaa saada omia p\u00e4hkin\u00f6it\u00e4! Vanha lajike, joka alkaa antaa s\u00e4\u00e4nn\u00f6llist\u00e4 satoa jo melko nuorena taimena. Lajike on keskiaikinen, osittain itsep\u00f6lyttyv\u00e4, mutta ristip\u00f6lytyst\u00e4, esim. lajikkeiden Barcelona tai Hall\u00b4s Giant kanssa, suositellaan paremman sadon saamiseksi. P\u00e4hkin\u00e4t ovat litte\u00e4n py\u00f6reit\u00e4, kuori on keskipaksu. Maku muistuttaa hiukan mantelia ja ne voi sy\u00f6d\u00e4 kuivattuna tai vihre\u00e4n\u00e4. P\u00e4hkin\u00e4pensas kasvaa villin\u00e4 ment\u00e4ess\u00e4 enemm\u00e4n etel\u00e4\u00e4n p\u00e4in, mutta meid\u00e4n alueellamme se tarvitsee melko suojaisen ja aurinkoisen paikan sek\u00e4 ravinteikkaan ja kalkkipitoisen maan. Aikaisin kev\u00e4\u00e4ll\u00e4 pensasta koristavat keltaiset norkot ennen lehtien puhkeamista. P\u00e4hkin\u00e4pensas vaatii pitk\u00e4n kypsymisajan, joten \u00e4l\u00e4 vaivu ep\u00e4toivoon, vaikka sato ei aina ehtisi kypsy\u00e4 valmiiksi. Kaunis my\u00f6s koristepensaana!<\/p>\n<p><strong>Vy\u00f6hyke: <\/strong>FI 1-2(3). SE 1-3(4).<br \/>\n<strong>Korkeus: <\/strong>3-5 m<\/p>","protected":false},"featured_media":0,"template":"","meta":[],"product_brand":[],"product_cat":[248,253],"product_tag":[],"class_list":{"0":"post-10156","1":"product","2":"type-product","3":"status-publish","5":"product_cat-barvaxter","6":"product_cat-prydnadsbuskar","7":"product_shipping_class-postpaket","9":"first","10":"instock","11":"taxable","12":"shipping-taxable","13":"purchasable","14":"product-type-simple"},"_links":{"self":[{"href":"https:\/\/www3.blomqvistplantskola.com\/fi\/wp-json\/wp\/v2\/product\/10156","targetHints":{"allow":["GET"]}}],"collection":[{"href":"https:\/\/www3.blomqvistplantskola.com\/fi\/wp-json\/wp\/v2\/product"}],"about":[{"href":"https:\/\/www3.blomqvistplantskola.com\/fi\/wp-json\/wp\/v2\/types\/product"}],"wp:attachment":[{"href":"https:\/\/www3.blomqvistplantskola.com\/fi\/wp-json\/wp\/v2\/media?parent=10156"}],"wp:term":[{"taxonomy":"product_brand","embeddable":true,"href":"https:\/\/www3.blomqvistplantskola.com\/fi\/wp-json\/wp\/v2\/product_brand?post=10156"},{"taxonomy":"product_cat","embeddable":true,"href":"https:\/\/www3.blomqvistplantskola.com\/fi\/wp-json\/wp\/v2\/product_cat?post=10156"},{"taxonomy":"product_tag","embeddable":true,"href":"https:\/\/www3.blomqvistplantskola.com\/fi\/wp-json\/wp\/v2\/product_tag?post=10156"}],"curies":[{"name":"wp","href":"https:\/\/api.w.org\/{rel}","templated":true}]}}